{"id":69198,"date":"2022-06-08T09:18:56","date_gmt":"2022-06-08T13:18:56","guid":{"rendered":"https:\/\/www.journeesdelaculture.qc.ca\/?page_id=69198"},"modified":"2023-06-07T13:21:37","modified_gmt":"2023-06-07T17:21:37","slug":"jaime-les-mots-2023","status":"publish","type":"page","link":"https:\/\/www.journeesdelaculture.qc.ca\/en\/jaime-les-mots-2023","title":{"rendered":"J&#8217;aime les mots 2023"},"content":{"rendered":"\n<h2 class=\"wp-block-heading\">Do you like memes? You\u2019ll like&nbsp;<em>J\u2019aime les mots<\/em>!<\/h2>\n\n\n\n<p>Teachers, librarians, those in charge of extracurricular activities or recreation, take part in the 6th edition of J&#8217;aime les mots, a fun, turnkey activity sponsored this year by cartoonist and author <strong>Michel Rabagliati<\/strong>!<\/p>\n\n\n\n<p>Whether you&#8217;re teaching French, history, art, drama, Qu\u00e9bec culture and citizenship, mathematics or any other subject, get your students to create memes to express themselves on issues big and small, or to react to current events.<\/p>\n\n\n\n<p><strong>Launched on Friday, September 29, the activity will run until Friday, October 27.<\/strong><\/p>\n\n\n\n<figure class=\"wp-block-image size-large is-resized\"><img loading=\"lazy\" decoding=\"async\" src=\"https:\/\/www.journeesdelaculture.qc.ca\/wp-content\/uploads\/2023\/06\/michel_rabagliati_eric_lajeunesse-700x1048.jpg\" alt=\"\" class=\"wp-image-101954\" width=\"350\" height=\"524\"\/><\/figure>\n\n\n\n<p><strong>Four TOP 5s!<\/strong><br>You asked, we listened! This year, there will be not three but four TOP 5s, compiled by our beloved sponsor on Fridays October 6, 13, 20 and 27.<\/p>\n\n\n\n<p><strong>Rich and varied image banks<\/strong><\/p>\n\n\n\n<p>Humor, poetry, philosophical reflection, irony\u2026 The possibilities are endless, as long as you use royalty-free image banks chosen by major cultural institutions for their memorable potential.<\/p>\n\n\n\n<p><strong>Pedagogical tools<\/strong><\/p>\n\n\n\n<p>Once registered, participants have automatic access to all the images they can use for their creations, as well as to the teaching guide, the student guide and a fun presentation on the art of the meme.<\/p>\n\n\n\n<p><strong>Teachers or specialists, register now!<\/strong><\/p>\n\n\n<p>*Please note that since the activity is conducted in French, most of our tools are only available in French.<\/p>\n<h3><strong>Registration<\/strong><\/h3>\n<p><strong>To register your class for <em>J\u2019aime les mots<\/em><\/strong>, click the link below and fill out the form. You will automatically receive instructional tools and news about the activity as soon as they get posted on online.<\/p>\n<p><a class=\"button button--black\" href=\"https:\/\/www.journeesdelaculture.qc.ca\/jaime-les-mots-2023-inscription\" target=\"_blank\" rel=\"noopener\">REGISTER YOUR CLASS<\/a><\/p>\n\n\n<h3 class=\"wp-block-heading\">Thank you<\/h3>\n\n\n\n<p><em>J&#8217;aime les mots<\/em>\u00a0is made possible by\u00a0<a href=\"https:\/\/www.culturepourtous.ca\/\" target=\"_blank\" rel=\"noreferrer noopener\">Culture pour tous<\/a>\u00a0in partnership with\u00a0<a href=\"https:\/\/www.mcc.gouv.qc.ca\/\" target=\"_blank\" rel=\"noreferrer noopener\">gouvernement du Qu\u00e9bec<\/a>\u00a0and with the collaboration of the\u00a0<a href=\"https:\/\/www.lacsq.org\/\" target=\"_blank\" rel=\"noreferrer noopener\">Centrale des syndicats du Qu\u00e9bec<\/a><strong>.<\/strong><\/p>\n\n\n\n<p>Participating institutions: <strong>Biblioth\u00e8que et Archives nationales du Qu\u00e9bec (BAnQ), Centre du Patrimoine (Manitoba), Mus\u00e9e d\u2019art de Joliette, Mus\u00e9e de la Civilisation, Mhist \u2013 Mus\u00e9e d\u2019histoire de Sherbrooke, Mus\u00e9e McCord Stewart, Mus\u00e9e national des beaux-arts du Qu\u00e9bec (MNBAQ), Mus\u00e9e POP, Patrimoine culturel Vieux-Saint-Eustache, Royal BC Museum, Soci\u00e9t\u00e9 d\u2019histoire et de g\u00e9n\u00e9alogie des Hautes-Laurentides, Soci\u00e9t\u00e9 d\u2019histoire du Lac-Saint-Jean <\/strong>and<strong> Michel Rabagliati.<\/strong><\/p>\n\n\n\n<p>Outreach partners:\u00a0<strong>Association canadienne d\u2019\u00e9ducation de langue fran\u00e7aise (ACELF), Association des \u00e9ducatrices et \u00e9ducateurs sp\u00e9cialis\u00e9s en arts plastiques (AQESAP), Association qu\u00e9b\u00e9coise des professeur\u00b7e\u00b7s de fran\u00e7ais (AQPF), Association qu\u00e9b\u00e9coise des utilisateurs d\u2019outils technologiques \u00e0 des fins p\u00e9dagogiques et sociales (AQUOPS), F\u00e9d\u00e9ration Canadienne des Enseignantes et des Enseignants (CTF-FCE), F\u00e9d\u00e9ration culturelle canadienne-fran\u00e7aise (FCCF), F\u00e9d\u00e9ration nationale des conseils scolaires francophones (FNCSF) <\/strong>and<strong> R\u00c9CIT Culture-\u00c9ducation.<\/strong><\/p>\n","protected":false},"excerpt":{"rendered":"Do you like memes? You\u2019ll like&nbsp;J\u2019aime les mots! Teachers, librarians, those in charge of extracurricular activities or recreation, take part in the 6th edition of J&#8217;aime les mots, a fun, turnkey activity sponsored this year by cartoonist and author Michel Rabagliati! Whether you&#8217;re teaching French, history, art, drama, Qu\u00e9bec culture and citizenship, mathematics or any&#8230;","protected":false},"author":7,"featured_media":0,"parent":0,"menu_order":0,"comment_status":"closed","ping_status":"closed","template":"","meta":{"_acf_changed":false,"footnotes":""},"class_list":["post-69198","page","type-page","status-publish","hentry"],"acf":[],"yoast_head":"<!-- This site is optimized with the Yoast SEO plugin v24.2 - https:\/\/yoast.com\/wordpress\/plugins\/seo\/ -->\n<title>J&#039;aime les mots 2023 - Journ\u00e9es de la culture<\/title>\n<meta name=\"robots\" content=\"index, follow, max-snippet:-1, max-image-preview:large, max-video-preview:-1\" \/>\n<link rel=\"canonical\" href=\"https:\/\/www.journeesdelaculture.qc.ca\/en\/jaime-les-mots-2023\" \/>\n<meta property=\"og:locale\" content=\"en_US\" \/>\n<meta property=\"og:type\" content=\"article\" \/>\n<meta property=\"og:title\" content=\"J&#039;aime les mots 2023 - Journ\u00e9es de la culture\" \/>\n<meta property=\"og:description\" content=\"Do you like memes? You\u2019ll like&nbsp;J\u2019aime les mots! Teachers, librarians, those in charge of extracurricular activities or recreation, take part in the 6th edition of J&#8217;aime les mots, a fun, turnkey activity sponsored this year by cartoonist and author Michel Rabagliati! Whether you&#8217;re teaching French, history, art, drama, Qu\u00e9bec culture and citizenship, mathematics or any...\" \/>\n<meta property=\"og:url\" content=\"https:\/\/www.journeesdelaculture.qc.ca\/en\/jaime-les-mots-2023\" \/>\n<meta property=\"og:site_name\" content=\"Journ\u00e9es de la culture\" \/>\n<meta property=\"article:publisher\" content=\"https:\/\/www.facebook.com\/journeesdelaculture\/\" \/>\n<meta property=\"article:modified_time\" content=\"2023-06-07T17:21:37+00:00\" \/>\n<meta property=\"og:image\" content=\"https:\/\/www.journeesdelaculture.qc.ca\/wp-content\/uploads\/2023\/06\/michel_rabagliati_eric_lajeunesse-700x1048.jpg\" \/>\n<meta name=\"twitter:card\" content=\"summary_large_image\" \/>\n<meta name=\"twitter:site\" content=\"@les_journees\" \/>\n<meta name=\"twitter:label1\" content=\"Est. reading time\" \/>\n\t<meta name=\"twitter:data1\" content=\"3 minutes\" \/>\n<script type=\"application\/ld+json\" class=\"yoast-schema-graph\">{\"@context\":\"https:\/\/schema.org\",\"@graph\":[{\"@type\":\"WebPage\",\"@id\":\"https:\/\/www.journeesdelaculture.qc.ca\/en\/jaime-les-mots-2023\",\"url\":\"https:\/\/www.journeesdelaculture.qc.ca\/en\/jaime-les-mots-2023\",\"name\":\"J'aime les mots 2023 - Journ\u00e9es de la culture\",\"isPartOf\":{\"@id\":\"https:\/\/www.journeesdelaculture.qc.ca\/#website\"},\"primaryImageOfPage\":{\"@id\":\"https:\/\/www.journeesdelaculture.qc.ca\/en\/jaime-les-mots-2023#primaryimage\"},\"image\":{\"@id\":\"https:\/\/www.journeesdelaculture.qc.ca\/en\/jaime-les-mots-2023#primaryimage\"},\"thumbnailUrl\":\"https:\/\/www.journeesdelaculture.qc.ca\/wp-content\/uploads\/2023\/06\/michel_rabagliati_eric_lajeunesse-700x1048.jpg\",\"datePublished\":\"2022-06-08T13:18:56+00:00\",\"dateModified\":\"2023-06-07T17:21:37+00:00\",\"breadcrumb\":{\"@id\":\"https:\/\/www.journeesdelaculture.qc.ca\/en\/jaime-les-mots-2023#breadcrumb\"},\"inLanguage\":\"en-US\",\"potentialAction\":[{\"@type\":\"ReadAction\",\"target\":[\"https:\/\/www.journeesdelaculture.qc.ca\/en\/jaime-les-mots-2023\"]}]},{\"@type\":\"ImageObject\",\"inLanguage\":\"en-US\",\"@id\":\"https:\/\/www.journeesdelaculture.qc.ca\/en\/jaime-les-mots-2023#primaryimage\",\"url\":\"https:\/\/www.journeesdelaculture.qc.ca\/wp-content\/uploads\/2023\/06\/michel_rabagliati_eric_lajeunesse-700x1048.jpg\",\"contentUrl\":\"https:\/\/www.journeesdelaculture.qc.ca\/wp-content\/uploads\/2023\/06\/michel_rabagliati_eric_lajeunesse-700x1048.jpg\"},{\"@type\":\"BreadcrumbList\",\"@id\":\"https:\/\/www.journeesdelaculture.qc.ca\/en\/jaime-les-mots-2023#breadcrumb\",\"itemListElement\":[{\"@type\":\"ListItem\",\"position\":1,\"name\":\"Home\",\"item\":\"https:\/\/www.journeesdelaculture.qc.ca\/en\"},{\"@type\":\"ListItem\",\"position\":2,\"name\":\"J&rsquo;aime les mots 2023\"}]},{\"@type\":\"WebSite\",\"@id\":\"https:\/\/www.journeesdelaculture.qc.ca\/#website\",\"url\":\"https:\/\/www.journeesdelaculture.qc.ca\/\",\"name\":\"Journ\u00e9es de la culture\",\"description\":\"\",\"publisher\":{\"@id\":\"https:\/\/www.journeesdelaculture.qc.ca\/#organization\"},\"potentialAction\":[{\"@type\":\"SearchAction\",\"target\":{\"@type\":\"EntryPoint\",\"urlTemplate\":\"https:\/\/www.journeesdelaculture.qc.ca\/?s={search_term_string}\"},\"query-input\":{\"@type\":\"PropertyValueSpecification\",\"valueRequired\":true,\"valueName\":\"search_term_string\"}}],\"inLanguage\":\"en-US\"},{\"@type\":\"Organization\",\"@id\":\"https:\/\/www.journeesdelaculture.qc.ca\/#organization\",\"name\":\"Culture pour tous\",\"url\":\"https:\/\/www.journeesdelaculture.qc.ca\/\",\"logo\":{\"@type\":\"ImageObject\",\"inLanguage\":\"en-US\",\"@id\":\"https:\/\/www.journeesdelaculture.qc.ca\/#\/schema\/logo\/image\/\",\"url\":\"https:\/\/www.journeesdelaculture.qc.ca\/wp-content\/uploads\/2024\/06\/CPT_journeesdelaculture_RGB.png\",\"contentUrl\":\"https:\/\/www.journeesdelaculture.qc.ca\/wp-content\/uploads\/2024\/06\/CPT_journeesdelaculture_RGB.png\",\"width\":3041,\"height\":980,\"caption\":\"Culture pour tous\"},\"image\":{\"@id\":\"https:\/\/www.journeesdelaculture.qc.ca\/#\/schema\/logo\/image\/\"},\"sameAs\":[\"https:\/\/www.facebook.com\/journeesdelaculture\/\",\"https:\/\/x.com\/les_journees\",\"https:\/\/www.instagram.com\/les_journees\/\"]}]}<\/script>\n<!-- \/ Yoast SEO plugin. -->","yoast_head_json":{"title":"J'aime les mots 2023 - Journ\u00e9es de la culture","robots":{"index":"index","follow":"follow","max-snippet":"max-snippet:-1","max-image-preview":"max-image-preview:large","max-video-preview":"max-video-preview:-1"},"canonical":"https:\/\/www.journeesdelaculture.qc.ca\/en\/jaime-les-mots-2023","og_locale":"en_US","og_type":"article","og_title":"J'aime les mots 2023 - Journ\u00e9es de la culture","og_description":"Do you like memes? You\u2019ll like&nbsp;J\u2019aime les mots! Teachers, librarians, those in charge of extracurricular activities or recreation, take part in the 6th edition of J&#8217;aime les mots, a fun, turnkey activity sponsored this year by cartoonist and author Michel Rabagliati! Whether you&#8217;re teaching French, history, art, drama, Qu\u00e9bec culture and citizenship, mathematics or any...","og_url":"https:\/\/www.journeesdelaculture.qc.ca\/en\/jaime-les-mots-2023","og_site_name":"Journ\u00e9es de la culture","article_publisher":"https:\/\/www.facebook.com\/journeesdelaculture\/","article_modified_time":"2023-06-07T17:21:37+00:00","og_image":[{"url":"https:\/\/www.journeesdelaculture.qc.ca\/wp-content\/uploads\/2023\/06\/michel_rabagliati_eric_lajeunesse-700x1048.jpg","type":"","width":"","height":""}],"twitter_card":"summary_large_image","twitter_site":"@les_journees","twitter_misc":{"Est. reading time":"3 minutes"},"schema":{"@context":"https:\/\/schema.org","@graph":[{"@type":"WebPage","@id":"https:\/\/www.journeesdelaculture.qc.ca\/en\/jaime-les-mots-2023","url":"https:\/\/www.journeesdelaculture.qc.ca\/en\/jaime-les-mots-2023","name":"J'aime les mots 2023 - Journ\u00e9es de la culture","isPartOf":{"@id":"https:\/\/www.journeesdelaculture.qc.ca\/#website"},"primaryImageOfPage":{"@id":"https:\/\/www.journeesdelaculture.qc.ca\/en\/jaime-les-mots-2023#primaryimage"},"image":{"@id":"https:\/\/www.journeesdelaculture.qc.ca\/en\/jaime-les-mots-2023#primaryimage"},"thumbnailUrl":"https:\/\/www.journeesdelaculture.qc.ca\/wp-content\/uploads\/2023\/06\/michel_rabagliati_eric_lajeunesse-700x1048.jpg","datePublished":"2022-06-08T13:18:56+00:00","dateModified":"2023-06-07T17:21:37+00:00","breadcrumb":{"@id":"https:\/\/www.journeesdelaculture.qc.ca\/en\/jaime-les-mots-2023#breadcrumb"},"inLanguage":"en-US","potentialAction":[{"@type":"ReadAction","target":["https:\/\/www.journeesdelaculture.qc.ca\/en\/jaime-les-mots-2023"]}]},{"@type":"ImageObject","inLanguage":"en-US","@id":"https:\/\/www.journeesdelaculture.qc.ca\/en\/jaime-les-mots-2023#primaryimage","url":"https:\/\/www.journeesdelaculture.qc.ca\/wp-content\/uploads\/2023\/06\/michel_rabagliati_eric_lajeunesse-700x1048.jpg","contentUrl":"https:\/\/www.journeesdelaculture.qc.ca\/wp-content\/uploads\/2023\/06\/michel_rabagliati_eric_lajeunesse-700x1048.jpg"},{"@type":"BreadcrumbList","@id":"https:\/\/www.journeesdelaculture.qc.ca\/en\/jaime-les-mots-2023#breadcrumb","itemListElement":[{"@type":"ListItem","position":1,"name":"Home","item":"https:\/\/www.journeesdelaculture.qc.ca\/en"},{"@type":"ListItem","position":2,"name":"J&rsquo;aime les mots 2023"}]},{"@type":"WebSite","@id":"https:\/\/www.journeesdelaculture.qc.ca\/#website","url":"https:\/\/www.journeesdelaculture.qc.ca\/","name":"Journ\u00e9es de la culture","description":"","publisher":{"@id":"https:\/\/www.journeesdelaculture.qc.ca\/#organization"},"potentialAction":[{"@type":"SearchAction","target":{"@type":"EntryPoint","urlTemplate":"https:\/\/www.journeesdelaculture.qc.ca\/?s={search_term_string}"},"query-input":{"@type":"PropertyValueSpecification","valueRequired":true,"valueName":"search_term_string"}}],"inLanguage":"en-US"},{"@type":"Organization","@id":"https:\/\/www.journeesdelaculture.qc.ca\/#organization","name":"Culture pour tous","url":"https:\/\/www.journeesdelaculture.qc.ca\/","logo":{"@type":"ImageObject","inLanguage":"en-US","@id":"https:\/\/www.journeesdelaculture.qc.ca\/#\/schema\/logo\/image\/","url":"https:\/\/www.journeesdelaculture.qc.ca\/wp-content\/uploads\/2024\/06\/CPT_journeesdelaculture_RGB.png","contentUrl":"https:\/\/www.journeesdelaculture.qc.ca\/wp-content\/uploads\/2024\/06\/CPT_journeesdelaculture_RGB.png","width":3041,"height":980,"caption":"Culture pour tous"},"image":{"@id":"https:\/\/www.journeesdelaculture.qc.ca\/#\/schema\/logo\/image\/"},"sameAs":["https:\/\/www.facebook.com\/journeesdelaculture\/","https:\/\/x.com\/les_journees","https:\/\/www.instagram.com\/les_journees\/"]}]}},"_links":{"self":[{"href":"https:\/\/www.journeesdelaculture.qc.ca\/en\/wp-json\/wp\/v2\/pages\/69198","targetHints":{"allow":["GET"]}}],"collection":[{"href":"https:\/\/www.journeesdelaculture.qc.ca\/en\/wp-json\/wp\/v2\/pages"}],"about":[{"href":"https:\/\/www.journeesdelaculture.qc.ca\/en\/wp-json\/wp\/v2\/types\/page"}],"author":[{"embeddable":true,"href":"https:\/\/www.journeesdelaculture.qc.ca\/en\/wp-json\/wp\/v2\/users\/7"}],"replies":[{"embeddable":true,"href":"https:\/\/www.journeesdelaculture.qc.ca\/en\/wp-json\/wp\/v2\/comments?post=69198"}],"version-history":[{"count":9,"href":"https:\/\/www.journeesdelaculture.qc.ca\/en\/wp-json\/wp\/v2\/pages\/69198\/revisions"}],"predecessor-version":[{"id":101968,"href":"https:\/\/www.journeesdelaculture.qc.ca\/en\/wp-json\/wp\/v2\/pages\/69198\/revisions\/101968"}],"wp:attachment":[{"href":"https:\/\/www.journeesdelaculture.qc.ca\/en\/wp-json\/wp\/v2\/media?parent=69198"}],"curies":[{"name":"wp","href":"https:\/\/api.w.org\/{rel}","templated":true}]}}